{"id":3580,"date":"2022-11-27T15:15:41","date_gmt":"2022-11-27T15:15:41","guid":{"rendered":"https:\/\/esprit-sociologie.org\/?page_id=3580"},"modified":"2026-03-21T14:00:42","modified_gmt":"2026-03-21T14:00:42","slug":"podcasts","status":"publish","type":"page","link":"https:\/\/esprit-sociologie.org\/?page_id=3580","title":{"rendered":"Podcasts"},"content":{"rendered":"\n<div class=\"wp-block-uagb-container uagb-block-7af9bff9 alignfull uagb-is-root-container\"><div class=\"uagb-container-inner-blocks-wrap\">\n<div class=\"wp-block-uagb-container uagb-block-737288da\">\n<h2 class=\"wp-block-heading has-medium-font-size\" style=\"font-style:normal;font-weight:300\"><br><strong>Podcast 1\/3 <\/strong><br>France Culture &#8211; Le cours de l&rsquo;histoire &#8211; <a href=\"https:\/\/www.radiofrance.fr\/franceculture\/podcasts\/serie-8-milliards-d-humains-quelle-histoire\">S\u00e9rie \u00ab 8 milliards d\u2019humains, quelle histoire\u00a0! \u00bb<\/a> <br><strong>\u00c9pisode 4\/4 : Chine, histoire d\u2019un g\u00e9ant d\u00e9mographique. <\/strong><br><strong><br><\/strong>Comment expliquer que la Chine, malgr\u00e9 la mise en place pr\u00e9coce de politiques antinatalistes particuli\u00e8rement coercitives, rassemble aujourd\u2019hui une population \u00e9quivalente au cinqui\u00e8me de l\u2019humanit\u00e9\u00a0?<br>Avec <strong>Tania Angeloff<\/strong>, sociologue du genre et de la soci\u00e9t\u00e9 chinoise \u00e0 l&rsquo;Universit\u00e9 Paris1-Panth\u00e9on-Sorbonne et Yves Chevrier sp\u00e9cialiste de l\u2019histoire politique et intellectuelle de la Chine contemporaine, directeur d\u2019\u00e9tudes \u00e9m\u00e9rite \u00e0 l\u2019EHESS et membre du Centre de recherches sociologiques et politiques Raymond Aron (CESPRA).<br><br><br><br><\/h2>\n\n\n\n<ul class=\"wp-block-list\"><\/ul>\n<\/div>\n\n\n\n<div class=\"wp-block-uagb-container uagb-block-5b47feef\">\n<figure class=\"wp-block-audio\"><audio controls src=\"https:\/\/esprit-sociologie.org\/wp-content\/uploads\/2022\/11\/Cours-de-lhistoire-Demographie-4-sur-4.mp3\"><\/audio><\/figure>\n<\/div>\n<\/div><\/div>\n\n\n\n<div class=\"wp-block-uagb-container uagb-block-60c12835 alignfull uagb-is-root-container\"><div class=\"uagb-container-inner-blocks-wrap\">\n<div class=\"wp-block-uagb-container uagb-block-3b4b43e5\">\n<h2 class=\"wp-block-heading has-medium-font-size\" style=\"font-style:normal;font-weight:300\"><strong>Podcast 2\/3<\/strong><br>France Culture &#8211; Culture Monde &#8211; <a href=\"https:\/\/www.radiofrance.fr\/franceculture\/podcasts\/cultures-monde\/logement-education-travail-les-desillusions-de-la-classe-moyenne-6432018\" title=\"\">S\u00e9rie \u00abChine : une puissance contrari\u00e9e\u00bb<\/a> <br><strong>\u00c9pisode 2\/4. Logement, \u00e9ducation, travail\u00a0: les d\u00e9sillusions de la classe moyenne <\/strong>Troisi\u00e8me partie &#8211; Les Chinoises, premi\u00e8res victimes de la crise<br><br>Bien que le parti communiste chinois affiche depuis sa cr\u00e9ation l\u2019ambition d\u2019assurer l\u2019\u00e9galit\u00e9 entre les sexes, celle-ci demeure imparfaite. Pire, qu\u2019il s\u2019agisse des travailleuses migrantes int\u00e9rieures ou des Chinoises de la classe moyenne, elles sont aujourd\u2019hui les premi\u00e8res \u00e0 souffrir des perspectives socio-\u00e9conomiques moroses.<br> <br>Avec\u00a0<strong>Tania Angeloff<\/strong>, sociologue du genre, du travail et de la soci\u00e9t\u00e9 chinoise \u00e0 l&rsquo;Universit\u00e9 Paris1-Panth\u00e9on-Sorbonne. \u00ab\u00a0<em>Les femmes autoentrepreneuses repr\u00e9sentent 39 % de la population active f\u00e9minine chinoise, ce qui est beaucoup. Elles travaillent dans le secteur tertiaire, dans l&rsquo;h\u00f4tellerie, la restauration, et ont \u00e9t\u00e9 extr\u00eamement touch\u00e9es par la crise du Covid-19. Elles sont en premi\u00e8re ligne des licenciements dus\u00a0\u00e0 la crise du Covid-19<\/em>\u00ab\u00a0, note <strong>Tania Angeloff<\/strong>.<\/h2>\n\n\n\n<ul class=\"wp-block-list\"><\/ul>\n<\/div>\n\n\n\n<div class=\"wp-block-uagb-container uagb-block-6b6e52a9\">\n<figure class=\"wp-block-audio\"><audio controls src=\"https:\/\/media.radiofrance-podcast.net\/podcast09\/18720-11.10.2022-ITEMA_23162394-2022C16756S0284-21.mp3\"><\/audio><\/figure>\n<\/div>\n<\/div><\/div>\n\n\n\n<div class=\"wp-block-uagb-container uagb-block-52fd97a6 alignfull uagb-is-root-container\"><div class=\"uagb-container-inner-blocks-wrap\">\n<div class=\"wp-block-uagb-container uagb-block-551c83ed\">\n<h2 class=\"wp-block-heading has-medium-font-size\" style=\"font-style:normal;font-weight:300\"><strong>Podcast 3\/3<\/strong><br>RFI &#8211; 8 milliards de voisins &#8211; <a href=\"https:\/\/www.rfi.fr\/fr\/emission\/20121114-2-chinoises-education-sexualite-travail\" title=\"\">Chinoises<\/a> <br><strong>\u00c9pisode 2\/4 : 2. Chinoises : \u00e9ducation, sexualit\u00e9, travail<\/strong>.<strong> <\/strong><br><strong><br><\/strong>Comment vivent les femmes chinoises aujourd\u2019hui ? Quelle place occupent-elles dans la Chine contemporaine ? \u00c9ducation, sexualit\u00e9, travail : petit tour d\u2019horizon du statut des Chinoise dans notre soci\u00e9t\u00e9.<br> <br>Avec <strong>Tania Angeloff<\/strong>, sociologue du genre, du travail, et de la soci\u00e9t\u00e9 chinoise \u00e0 l&rsquo;Universit\u00e9 Paris1-Panth\u00e9on-Sorbonne, H\u00e9l\u00e8ne Le Bail,  chercheuse \u00e0 l\u2019Institut de recherche de la Maison franco-japonaise \u00e0 Tokyo et sp\u00e9cialiste de l\u2019immigration en Chine et Evelyne Micollier, charg\u00e9e de recherche en anthropologie \u00e0 l&rsquo;IRD (Institut de recherche  pour le d\u00e9veloppement).<br><br><br><br><\/h2>\n\n\n\n<ul class=\"wp-block-list\"><\/ul>\n<\/div>\n\n\n\n<div class=\"wp-block-uagb-container uagb-block-f27ea4de\">\n<figure class=\"wp-block-audio\"><audio controls src=\"https:\/\/aod-rfi.akamaized.net\/rfi\/francais\/audio\/magazines\/r154\/7_milliards_de_voisins_2_20121114_1133.mp3\"><\/audio><\/figure>\n<\/div>\n<\/div><\/div>\n","protected":false},"excerpt":{"rendered":"<p>Podcast 1\/3 France Culture &#8211; Le cours de l&rsquo;histoire &#8211; S\u00e9rie \u00ab 8 milliards d\u2019humains, quelle histoire\u00a0! \u00bb \u00c9pisode 4\/4 : Chine, histoire d\u2019un g\u00e9ant d\u00e9mographique. Comment expliquer que la Chine, malgr\u00e9 la mise en place pr\u00e9coce de politiques antinatalistes particuli\u00e8rement coercitives, rassemble aujourd\u2019hui une population \u00e9quivalente au cinqui\u00e8me de l\u2019humanit\u00e9\u00a0?Avec Tania Angeloff, sociologue du genre et de la soci\u00e9t\u00e9 chinoise \u00e0 l&rsquo;Universit\u00e9 Paris1-Panth\u00e9on-Sorbonne et Yves Chevrier sp\u00e9cialiste de l\u2019histoire politique et intellectuelle de la Chine contemporaine, directeur d\u2019\u00e9tudes \u00e9m\u00e9rite&hellip;<\/p>\n","protected":false},"author":1,"featured_media":0,"parent":0,"menu_order":0,"comment_status":"closed","ping_status":"closed","template":"","meta":{"om_disable_all_campaigns":false,"_uag_custom_page_level_css":"","_monsterinsights_skip_tracking":false,"_monsterinsights_sitenote_active":false,"_monsterinsights_sitenote_note":"","_monsterinsights_sitenote_category":0,"footnotes":""},"class_list":["post-3580","page","type-page","status-publish","hentry"],"aioseo_notices":[],"uagb_featured_image_src":{"full":false,"thumbnail":false,"medium":false,"medium_large":false,"large":false,"1536x1536":false,"2048x2048":false,"portfolio":false,"form-edit-image-preview":false},"uagb_author_info":{"display_name":"Tania.Angeloff@univ-paris1.fr","author_link":"https:\/\/esprit-sociologie.org\/?author=1"},"uagb_comment_info":0,"uagb_excerpt":"Podcast 1\/3 France Culture &#8211; Le cours de l&rsquo;histoire &#8211; S\u00e9rie \u00ab 8 milliards d\u2019humains, quelle histoire\u00a0! \u00bb \u00c9pisode 4\/4 : Chine, histoire d\u2019un g\u00e9ant d\u00e9mographique. Comment expliquer que la Chine, malgr\u00e9 la mise en place pr\u00e9coce de politiques antinatalistes particuli\u00e8rement coercitives, rassemble aujourd\u2019hui une population \u00e9quivalente au cinqui\u00e8me de l\u2019humanit\u00e9\u00a0?Avec Tania Angeloff, sociologue du\u2026","_links":{"self":[{"href":"https:\/\/esprit-sociologie.org\/index.php?rest_route=\/wp\/v2\/pages\/3580","targetHints":{"allow":["GET"]}}],"collection":[{"href":"https:\/\/esprit-sociologie.org\/index.php?rest_route=\/wp\/v2\/pages"}],"about":[{"href":"https:\/\/esprit-sociologie.org\/index.php?rest_route=\/wp\/v2\/types\/page"}],"author":[{"embeddable":true,"href":"https:\/\/esprit-sociologie.org\/index.php?rest_route=\/wp\/v2\/users\/1"}],"replies":[{"embeddable":true,"href":"https:\/\/esprit-sociologie.org\/index.php?rest_route=%2Fwp%2Fv2%2Fcomments&post=3580"}],"version-history":[{"count":16,"href":"https:\/\/esprit-sociologie.org\/index.php?rest_route=\/wp\/v2\/pages\/3580\/revisions"}],"predecessor-version":[{"id":3748,"href":"https:\/\/esprit-sociologie.org\/index.php?rest_route=\/wp\/v2\/pages\/3580\/revisions\/3748"}],"wp:attachment":[{"href":"https:\/\/esprit-sociologie.org\/index.php?rest_route=%2Fwp%2Fv2%2Fmedia&parent=3580"}],"curies":[{"name":"wp","href":"https:\/\/api.w.org\/{rel}","templated":true}]}}